{"id":958,"date":"2010-05-12T21:16:24","date_gmt":"2010-05-13T01:16:24","guid":{"rendered":"http:\/\/www.deputadovander.com.br\/website\/?page_id=958"},"modified":"2024-11-07T14:06:55","modified_gmt":"2024-11-07T18:06:55","slug":"emendas-parlamentares","status":"publish","type":"page","link":"https:\/\/vanderloubet.com.br\/deputado\/realizacoes\/emendas-parlamentares\/","title":{"rendered":"Emendas parlamentares e outros recursos\/verbas"},"content":{"rendered":"<div id=\"tdi_1\" class=\"tdc-zone\"><div class=\"tdc_zone tdi_2  wpb_row td-pb-row\"  >\n<style scoped>\n\/* custom css - generated by TagDiv Composer *\/\n\n\/* custom css - generated by TagDiv Composer *\/\n.tdi_2{\r\n                    min-height: 0;\r\n                }\n<\/style><div id=\"tdi_3\" class=\"tdc-row\"><div class=\"vc_row tdi_4  wpb_row td-pb-row\" >\n<style scoped>\n\/* custom css - generated by TagDiv Composer *\/\n\n\/* custom css - generated by TagDiv Composer *\/\n.tdi_4,\r\n                .tdi_4 .tdc-columns{\r\n                    min-height: 0;\r\n                }.tdi_4,\r\n\t\t\t\t.tdi_4 .tdc-columns{\r\n\t\t\t\t    display: block;\r\n\t\t\t\t}.tdi_4 .tdc-columns{\r\n\t\t\t\t    width: 100%;\r\n\t\t\t\t}.tdi_4:before,\r\n\t\t\t\t.tdi_4:after{\r\n\t\t\t\t    display: table;\r\n\t\t\t\t}\n<\/style><div class=\"vc_column tdi_6  wpb_column vc_column_container tdc-column td-pb-span12\">\n<style scoped>\n\/* custom css - generated by TagDiv Composer *\/\n\n\/* custom css - generated by TagDiv Composer *\/\n.tdi_6{\r\n                    vertical-align: baseline;\r\n                }.tdi_6 > .wpb_wrapper,\r\n\t\t\t\t.tdi_6 > .wpb_wrapper > .tdc-elements{\r\n\t\t\t\t    display: block;\r\n\t\t\t\t}.tdi_6 > .wpb_wrapper > .tdc-elements{\r\n\t\t\t\t    width: 100%;\r\n\t\t\t\t}.tdi_6 > .wpb_wrapper > .vc_row_inner{\r\n\t\t\t\t    width: auto;\r\n\t\t\t\t}.tdi_6 > .wpb_wrapper{\r\n\t\t\t\t    width: auto;\r\n\t\t\t\t    height: auto;\r\n\t\t\t\t}\n<\/style><div class=\"wpb_wrapper\" ><div class=\"tdm_block td_block_wrap tdm_block_inline_image tdi_7 tdm-inline-block tdm-content-horiz-left td-pb-border-top td_block_template_1\"  data-td-block-uid=\"tdi_7\" >\n<style>\n\n\/* inline tdc_css att - generated by TagDiv Composer *\/\n\n.tdi_7{\nmargin-bottom:30px !important;\n}\n\n<\/style>\n<style>\n\/* custom css - generated by TagDiv Composer *\/\n.tdm_block.tdm_block_inline_image{\r\n                  position: relative;\r\n                  margin-bottom: 0;\r\n                  line-height: 0;\r\n                  overflow: hidden;\r\n                }.tdm_block.tdm_block_inline_image .tdm-inline-image-wrap{\r\n                  position: relative;\r\n                  display: inline-block;\r\n                }.tdm_block.tdm_block_inline_image .td-image-video-modal{\r\n                  cursor: pointer;\r\n                }.tdm_block.tdm_block_inline_image .tdm-caption{\r\n                  width: 100%;\r\n                  font-family: Verdana, BlinkMacSystemFont, -apple-system, \"Segoe UI\", Roboto, Oxygen, Ubuntu, Cantarell, \"Open Sans\", \"Helvetica Neue\", sans-serif;\r\n                  padding-top: 6px;\r\n                  padding-bottom: 6px;\r\n                  font-size: 12px;\r\n                  font-style: italic;\r\n                  font-weight: normal;\r\n                  line-height: 17px;\r\n                  color: #444;\r\n                }.tdm_block.tdm_block_inline_image.tdm-caption-over-image .tdm-caption{\r\n                  position: absolute;\r\n                  left: 0;\r\n                  bottom: 0;\r\n                  margin-top: 0;\r\n                  padding-left: 10px;\r\n                  padding-right: 10px;\r\n                  width: 100%;\r\n                  background: rgba(0, 0, 0, 0.7);\r\n                  color: #fff;\r\n                }.tdi_7 .tdm-inline-image-wrap:hover:before{\r\n                    opacity: 0;\r\n                }.tdi_7 .tdm-image{\r\n\t\t\t\t\tborder-color:  #eaeaea;\r\n\t\t\t\t}\n<\/style><div class=\"tdm-inline-image-wrap \" ><img decoding=\"async\" class=\"tdm-image td-fix-index\" src=\"https:\/\/vanderloubet.com.br\/deputado\/wp-content\/uploads\/2024\/07\/foto-2023-08-17-deputado-federal-vander-loubet.jpg\"  title=\"Deputado Federal Vander Loubet (PT-MS)\" alt=\"Deputado Federal Vander Loubet (PT-MS)\" width=\"1280\" height=\"853\"><\/div><\/div><div class=\"td_block_wrap td_block_text_with_title tdi_8 tagdiv-type td-pb-border-top td_block_template_17\"  data-td-block-uid=\"tdi_8\" >\n<style>\n.td_block_template_17.widget > ul > li {\r\n                margin-left: 0 !important;\r\n            }\r\n            .td_block_template_17 {\r\n                transform: translateZ(0);\r\n                -webkit-transform: translateZ(0);\r\n            }\r\n            .td_block_template_17 .td-block-title {\r\n                font-size: 16px;\r\n                font-weight: 500;\r\n                margin: 3px 3px 29px;\r\n                padding: 12px 0 11px;\r\n                line-height: 1;\r\n                position: relative;\r\n                text-align: center;\r\n                border: 1px solid var(--td_header_color, #111);\r\n                background-color: var(--td_theme_color, #fff);\r\n                top: -3px;\r\n            }\r\n            .td_block_template_17 .td-block-title > * {\r\n                color: var(--td_text_header_color, #111);\r\n                margin: 0 15px;\r\n            }\r\n            .td_block_template_17 .td-block-title:before {\r\n                content: '';\r\n                height: 100%;\r\n                position: absolute;\r\n                top: 4px;\r\n                left: -4px;\r\n                right: -4px;\r\n                border: 1px solid var(--td_header_color, #111);\r\n                background-color: var(--td_header_color, #111);\r\n                z-index: -1;\r\n            }\r\n            .td_block_template_17 .td-block-title:after {\r\n                content: '';\r\n                position: absolute;\r\n                top: 100%;\r\n                left: 0;\r\n                right: 0;\r\n                margin: 3px auto 0;\r\n                width: 0;\r\n                height: 0;\r\n                border-style: solid;\r\n                border-width: 8px 8px 0 8px;\r\n                border-color: var(--td_header_color, #111) transparent transparent transparent;\r\n            }\r\n            .td_block_template_17 .td-block-title-wrap {\r\n                transform: translateZ(0);\r\n                -webkit-transform: translateZ(0);\r\n                z-index: 2;\r\n            }\r\n            .td_block_template_17 .td-block-title-wrap .td-wrapper-pulldown-filter {\r\n                background-color: transparent !important;\r\n                display: inline-block;\r\n                color: #111;\r\n                top: -3px;\r\n            }\r\n            .td_block_template_17 .td-block-title-wrap .td-wrapper-pulldown-filter .td-pulldown-filter-display-option {\r\n                height: 100%;\r\n                display: table;\r\n            }\r\n            .td_block_template_17 .td-block-title-wrap .td-wrapper-pulldown-filter i {\r\n                margin-right: 16px;\r\n                color: #111;\r\n            }\r\n            .td_block_template_17 .td-block-title-wrap .td-wrapper-pulldown-filter .td-pulldown-filter-list {\r\n                border-width: 0 1px 1px;\r\n            }\r\n            .td_block_template_17 .td-block-title-wrap .td-wrapper-pulldown-filter .td-pulldown-filter-link {\r\n                padding-right: 32px;\r\n            }\r\n            .td_block_template_17 .td-block-title-wrap .td-wrapper-pulldown-filter .td-pulldown-more {\r\n                vertical-align: middle;\r\n                display: table-cell;\r\n                padding: 0;\r\n                opacity: 0.8;\r\n            }\r\n            @media (max-width: 767px) {\r\n                .td_block_template_17 .td-block-title-wrap .td-wrapper-pulldown-filter .td-pulldown-more {\r\n                    padding-right: 5px;\r\n                }\r\n                .td_block_template_17 .td-block-title-wrap .td-wrapper-pulldown-filter .td-pulldown-more span {\r\n                    display: none;\r\n                }\r\n            }\r\n            .td_block_template_17.widget,\r\n            .td_block_template_17.td_block_social_counter {\r\n                transform: translateZ(0);\r\n                -webkit-transform: translateZ(0);\r\n            }\r\n            .td_block_template_17 .td-related-title a {\r\n                margin-right: 10px;\r\n                margin-left: 10px;\r\n            }\r\n            @media (max-width: 767px) {\r\n                .td_block_template_17 .td-related-title a {\r\n                    margin: 0 8px !important;\r\n                    font-size: 14px;\r\n                }\r\n            }\r\n            .td_block_template_17 .td-related-title .td-cur-simple-item {\r\n                color: var(--td_theme_color, #4db2ec);\r\n            }\r\n            .td-pb-span4 .td_block_template_17 .td-block-title-wrap .td-pulldown-more {\r\n                padding-right: 5px;\r\n            }\r\n            .td-pb-span4 .td_block_template_17 .td-block-title-wrap .td-pulldown-more span {\r\n                display: none;\r\n            }\r\n            .td-pb-span4 .td_block_template_17 .td-block-title-wrap .td-wrapper-pulldown-filter .td-pulldown-filter-link {\r\n                padding-right: 22px;\r\n                padding-left: 26px;\r\n            }\n\/* inline tdc_css att - generated by TagDiv Composer *\/\n\n.tdi_8{\nmargin-bottom:25px !important;\n}\n\n<\/style>\n<style>\n\/* custom css - generated by TagDiv Composer *\/\n.td_block_text_with_title{\r\n                  margin-bottom: 44px;\r\n                  -webkit-transform: translateZ(0);\r\n                  transform: translateZ(0);\r\n                }.td_block_text_with_title p:last-child{\r\n                  margin-bottom: 0;\r\n                }.tdi_8 h4{\r\n\t\t\t        font-weight:600 !important;\r\n\t\t        }\n<\/style><div class=\"td-block-title-wrap\"><h4 class=\"td-block-title\"><span>Emendas parlamentares e outros recursos\/verbas<\/span><\/h4><\/div><div class=\"td_mod_wrap td-fix-index\"><p><strong>Vander Loubet<\/strong> \u00e9 um deputado reconhecido por prefeitos e vereadores, de todos os partidos, por sua grande capacidade de viabilizar recursos federais. Desde 2003, viabilizou R$ 3,3 bilh\u00f5es em investimentos para Mato Grosso do Sul (Estado e munic\u00edpios). S\u00e3o verbas oriundas de emendas parlamentares e de programas dos minist\u00e9rios do governo.<\/p>\n<p>Os recursos viabilizados por Vander beneficiaram a popula\u00e7\u00e3o de todas as cidades nas \u00e1reas de sa\u00fade (constru\u00e7\u00e3o, reforma e amplia\u00e7\u00e3o de unidades de sa\u00fade; aquisi\u00e7\u00e3o de medicamentos, equipamentos m\u00e9dicos e odontol\u00f3gicos e materiais hospitalares; compra de ambul\u00e2ncias etc.), saneamento b\u00e1sico (implanta\u00e7\u00e3o e amplia\u00e7\u00e3o de sistemas de tratamento e abastecimento de \u00e1gua e de coleta e tratamento de esgoto), educa\u00e7\u00e3o (constru\u00e7\u00e3o e reforma de escolas, creches, escolas t\u00e9cnicas e universidades), infraestrutura urbana (pavimenta\u00e7\u00e3o asf\u00e1ltica e drenagem de \u00e1guas pluviais), esporte e lazer, habita\u00e7\u00e3o (constru\u00e7\u00e3o de casas populares), assist\u00eancia social e agricultura familiar.<\/p>\n<p>Clique nos links abaixo para conhecer as emendas parlamentares e investimentos viabilizados pelo deputado Vander Loubet para cada munic\u00edpio de Mato Grosso do Sul:<\/p>\n<\/div><\/div><\/div><\/div><\/div><\/div><div id=\"tdi_9\" class=\"tdc-row\"><div class=\"vc_row tdi_10  wpb_row td-pb-row\" >\n<style scoped>\n\/* custom css - generated by TagDiv Composer *\/\n\n\/* custom css - generated by TagDiv Composer *\/\n.tdi_10,\r\n                .tdi_10 .tdc-columns{\r\n                    min-height: 0;\r\n                }.tdi_10,\r\n\t\t\t\t.tdi_10 .tdc-columns{\r\n\t\t\t\t    display: block;\r\n\t\t\t\t}.tdi_10 .tdc-columns{\r\n\t\t\t\t    width: 100%;\r\n\t\t\t\t}.tdi_10:before,\r\n\t\t\t\t.tdi_10:after{\r\n\t\t\t\t    display: table;\r\n\t\t\t\t}\n<\/style><div class=\"vc_column tdi_12  wpb_column vc_column_container tdc-column td-pb-span3\">\n<style scoped>\n\/* custom css - generated by TagDiv Composer *\/\n\n\/* custom css - generated by TagDiv Composer *\/\n.tdi_12{\r\n                    vertical-align: baseline;\r\n                }.tdi_12 > .wpb_wrapper,\r\n\t\t\t\t.tdi_12 > .wpb_wrapper > .tdc-elements{\r\n\t\t\t\t    display: block;\r\n\t\t\t\t}.tdi_12 > .wpb_wrapper > .tdc-elements{\r\n\t\t\t\t    width: 100%;\r\n\t\t\t\t}.tdi_12 > .wpb_wrapper > .vc_row_inner{\r\n\t\t\t\t    width: auto;\r\n\t\t\t\t}.tdi_12 > .wpb_wrapper{\r\n\t\t\t\t    width: auto;\r\n\t\t\t\t    height: auto;\r\n\t\t\t\t}\n<\/style><div class=\"wpb_wrapper\" ><div class=\"td_block_wrap td_block_text_with_title tdi_13 tagdiv-type td-pb-border-top td_block_template_1\"  data-td-block-uid=\"tdi_13\" >\n<style>\n\/* custom css - generated by TagDiv Composer *\/\n.tdi_13 a:hover{\r\n\t\t\t        color: #00468c;\r\n\t\t        }\n<\/style><div class=\"td-block-title-wrap\"><\/div><div class=\"td_mod_wrap td-fix-index\"><ul>\n<li><a href=\"http:\/\/vanderloubet.com.br\/deputado\/realizacoes\/emendas-parlamentares\/agua-clara\">\u00c1gua Clara<\/a><\/li>\n<li><a href=\"http:\/\/vanderloubet.com.br\/deputado\/realizacoes\/emendas-parlamentares\/alcinopolis\/\">Alcin\u00f3polis<\/a><\/li>\n<li><a href=\"http:\/\/vanderloubet.com.br\/deputado\/realizacoes\/emendas-parlamentares\/amambai\">Amambai<\/a><\/li>\n<li><a href=\"http:\/\/vanderloubet.com.br\/deputado\/realizacoes\/emendas-parlamentares\/anastacio\">Anast\u00e1cio<\/a><\/li>\n<li><a href=\"http:\/\/vanderloubet.com.br\/deputado\/realizacoes\/emendas-parlamentares\/anaurilandia\/\">Anauril\u00e2ndia<\/a><\/li>\n<li><a href=\"http:\/\/vanderloubet.com.br\/deputado\/realizacoes\/emendas-parlamentares\/angelica\/\">Ang\u00e9lica<\/a><\/li>\n<li><a href=\"http:\/\/vanderloubet.com.br\/deputado\/realizacoes\/emendas-parlamentares\/antonio-joao\">Ant\u00f4nio Jo\u00e3o<\/a><\/li>\n<li><a href=\"http:\/\/vanderloubet.com.br\/deputado\/realizacoes\/emendas-parlamentares\/aparecida-do-taboado\/\">Aparecida do Taboado<\/a><\/li>\n<li><a href=\"http:\/\/vanderloubet.com.br\/deputado\/realizacoes\/emendas-parlamentares\/aquidauana\">Aquidauana<\/a><\/li>\n<li><a href=\"http:\/\/vanderloubet.com.br\/deputado\/realizacoes\/emendas-parlamentares\/aral-moreira\">Aral Moreira<\/a><\/li>\n<li><a href=\"http:\/\/vanderloubet.com.br\/deputado\/realizacoes\/emendas-parlamentares\/bandeirantes\/\">Bandeirantes<\/a><\/li>\n<li><a href=\"http:\/\/vanderloubet.com.br\/deputado\/realizacoes\/emendas-parlamentares\/bataguassu\">Bataguassu<\/a><\/li>\n<li><a href=\"http:\/\/vanderloubet.com.br\/deputado\/realizacoes\/emendas-parlamentares\/bataypora\/\">Bataypor\u00e3<\/a><\/li>\n<li><a href=\"http:\/\/vanderloubet.com.br\/deputado\/realizacoes\/emendas-parlamentares\/bela-vista\">Bela Vista<\/a><\/li>\n<li><a href=\"http:\/\/vanderloubet.com.br\/deputado\/realizacoes\/emendas-parlamentares\/bodoquena\/\">Bodoquena<\/a><\/li>\n<li><a href=\"http:\/\/vanderloubet.com.br\/deputado\/realizacoes\/emendas-parlamentares\/bonito\">Bonito<\/a><\/li>\n<li><a href=\"http:\/\/vanderloubet.com.br\/deputado\/realizacoes\/emendas-parlamentares\/brasilandia\">Brasil\u00e2ndia<\/a><\/li>\n<li><a href=\"http:\/\/vanderloubet.com.br\/deputado\/realizacoes\/emendas-parlamentares\/caarapo\/\">Caarap\u00f3<\/a><\/li>\n<li><a href=\"http:\/\/vanderloubet.com.br\/deputado\/realizacoes\/emendas-parlamentares\/camapua\/\">Camapu\u00e3<\/a><\/li>\n<li><a href=\"http:\/\/vanderloubet.com.br\/deputado\/realizacoes\/emendas-parlamentares\/campo-grande\/\">Campo Grande<\/a><\/li>\n<\/ul>\n<\/div><\/div><\/div><\/div><div class=\"vc_column tdi_15  wpb_column vc_column_container tdc-column td-pb-span3\">\n<style scoped>\n\/* custom css - generated by TagDiv Composer *\/\n\n\/* custom css - generated by TagDiv Composer *\/\n.tdi_15{\r\n                    vertical-align: baseline;\r\n                }.tdi_15 > .wpb_wrapper,\r\n\t\t\t\t.tdi_15 > .wpb_wrapper > .tdc-elements{\r\n\t\t\t\t    display: block;\r\n\t\t\t\t}.tdi_15 > .wpb_wrapper > .tdc-elements{\r\n\t\t\t\t    width: 100%;\r\n\t\t\t\t}.tdi_15 > .wpb_wrapper > .vc_row_inner{\r\n\t\t\t\t    width: auto;\r\n\t\t\t\t}.tdi_15 > .wpb_wrapper{\r\n\t\t\t\t    width: auto;\r\n\t\t\t\t    height: auto;\r\n\t\t\t\t}\n<\/style><div class=\"wpb_wrapper\" ><div class=\"td_block_wrap td_block_text_with_title tdi_16 tagdiv-type td-pb-border-top td_block_template_1\"  data-td-block-uid=\"tdi_16\" >\n<style>\n\/* custom css - generated by TagDiv Composer *\/\n.tdi_16 a:hover{\r\n\t\t\t        color: #00468c;\r\n\t\t        }\n<\/style><div class=\"td-block-title-wrap\"><\/div><div class=\"td_mod_wrap td-fix-index\"><ul>\n<li><a href=\"http:\/\/vanderloubet.com.br\/deputado\/realizacoes\/emendas-parlamentares\/caracol\/\">Caracol<\/a><\/li>\n<li><a href=\"http:\/\/vanderloubet.com.br\/deputado\/realizacoes\/emendas-parlamentares\/cassilandia\/\">Cassil\u00e2ndia<\/a><\/li>\n<li><a href=\"http:\/\/vanderloubet.com.br\/deputado\/realizacoes\/emendas-parlamentares\/chapadao-do-sul\/\">Chapad\u00e3o do Sul<\/a><\/li>\n<li><a href=\"http:\/\/vanderloubet.com.br\/deputado\/realizacoes\/emendas-parlamentares\/corguinho\/\">Corguinho<\/a><\/li>\n<li><a href=\"http:\/\/vanderloubet.com.br\/deputado\/realizacoes\/emendas-parlamentares\/coronel-sapucaia\/\">Coronel Sapucaia<\/a><\/li>\n<li><a href=\"http:\/\/vanderloubet.com.br\/deputado\/realizacoes\/emendas-parlamentares\/corumba\/\">Corumb\u00e1<\/a><\/li>\n<li><a href=\"http:\/\/vanderloubet.com.br\/deputado\/realizacoes\/emendas-parlamentares\/costa-rica\/\">Costa Rica<\/a><\/li>\n<li><a href=\"http:\/\/vanderloubet.com.br\/deputado\/realizacoes\/emendas-parlamentares\/coxim\/\">Coxim<\/a><\/li>\n<li><a href=\"http:\/\/vanderloubet.com.br\/deputado\/realizacoes\/emendas-parlamentares\/deodapolis\/\">Deod\u00e1polis<\/a><\/li>\n<li><a href=\"http:\/\/vanderloubet.com.br\/deputado\/realizacoes\/emendas-parlamentares\/dois-irmaos-do-buriti\/\">Dois Irm\u00e3os do Buriti<\/a><\/li>\n<li><a href=\"http:\/\/vanderloubet.com.br\/deputado\/realizacoes\/emendas-parlamentares\/douradina\/\">Douradina<\/a><\/li>\n<li><a href=\"http:\/\/vanderloubet.com.br\/deputado\/realizacoes\/emendas-parlamentares\/dourados\/\">Dourados<\/a><\/li>\n<li><a href=\"http:\/\/vanderloubet.com.br\/deputado\/realizacoes\/emendas-parlamentares\/eldorado\/\">Eldorado<\/a><\/li>\n<li><a href=\"http:\/\/vanderloubet.com.br\/deputado\/realizacoes\/emendas-parlamentares\/fatima-do-sul\/\">F\u00e1tima do Sul<\/a><\/li>\n<li><a href=\"http:\/\/vanderloubet.com.br\/deputado\/realizacoes\/emendas-parlamentares\/figueirao\/\">Figueir\u00e3o<\/a><\/li>\n<li><a href=\"http:\/\/vanderloubet.com.br\/deputado\/realizacoes\/emendas-parlamentares\/gloria-de-dourados\/\">Gl\u00f3ria de Dourados<\/a><\/li>\n<li><a href=\"http:\/\/vanderloubet.com.br\/deputado\/realizacoes\/emendas-parlamentares\/guia-lopes-da-laguna\/\">Guia Lopes da Laguna<\/a><\/li>\n<li><a href=\"http:\/\/vanderloubet.com.br\/deputado\/realizacoes\/emendas-parlamentares\/iguatemi\/\">Iguatemi<\/a><\/li>\n<li><a href=\"http:\/\/vanderloubet.com.br\/deputado\/realizacoes\/emendas-parlamentares\/inocencia\/\">Inoc\u00eancia<\/a><\/li>\n<li><a href=\"http:\/\/vanderloubet.com.br\/deputado\/realizacoes\/emendas-parlamentares\/itapora\/\">Itapor\u00e3<\/a><\/li>\n<\/ul>\n<\/div><\/div><\/div><\/div><div class=\"vc_column tdi_18  wpb_column vc_column_container tdc-column td-pb-span3\">\n<style scoped>\n\/* custom css - generated by TagDiv Composer *\/\n\n\/* custom css - generated by TagDiv Composer *\/\n.tdi_18{\r\n                    vertical-align: baseline;\r\n                }.tdi_18 > .wpb_wrapper,\r\n\t\t\t\t.tdi_18 > .wpb_wrapper > .tdc-elements{\r\n\t\t\t\t    display: block;\r\n\t\t\t\t}.tdi_18 > .wpb_wrapper > .tdc-elements{\r\n\t\t\t\t    width: 100%;\r\n\t\t\t\t}.tdi_18 > .wpb_wrapper > .vc_row_inner{\r\n\t\t\t\t    width: auto;\r\n\t\t\t\t}.tdi_18 > .wpb_wrapper{\r\n\t\t\t\t    width: auto;\r\n\t\t\t\t    height: auto;\r\n\t\t\t\t}\n<\/style><div class=\"wpb_wrapper\" ><div class=\"td_block_wrap td_block_text_with_title tdi_19 tagdiv-type td-pb-border-top td_block_template_1\"  data-td-block-uid=\"tdi_19\" >\n<style>\n\/* custom css - generated by TagDiv Composer *\/\n.tdi_19 a:hover{\r\n\t\t\t        color: #00468c;\r\n\t\t        }\n<\/style><div class=\"td-block-title-wrap\"><\/div><div class=\"td_mod_wrap td-fix-index\"><ul>\n<li><a href=\"http:\/\/vanderloubet.com.br\/deputado\/realizacoes\/emendas-parlamentares\/itaquirai\/\">Itaquira\u00ed<\/a><\/li>\n<li><a href=\"http:\/\/vanderloubet.com.br\/deputado\/realizacoes\/emendas-parlamentares\/ivinhema\/\">Ivinhema<\/a><\/li>\n<li><a href=\"http:\/\/vanderloubet.com.br\/deputado\/realizacoes\/emendas-parlamentares\/japora\/\">Japor\u00e3<\/a><\/li>\n<li><a href=\"http:\/\/vanderloubet.com.br\/deputado\/realizacoes\/emendas-parlamentares\/jaraguari\/\">Jaraguari<\/a><\/li>\n<li><a href=\"http:\/\/vanderloubet.com.br\/deputado\/realizacoes\/emendas-parlamentares\/jardim\/\">Jardim<\/a><\/li>\n<li><a href=\"http:\/\/vanderloubet.com.br\/deputado\/realizacoes\/emendas-parlamentares\/jatei\/\">Jate\u00ed<\/a><\/li>\n<li><a href=\"http:\/\/vanderloubet.com.br\/deputado\/realizacoes\/emendas-parlamentares\/juti\/\">Juti<\/a><\/li>\n<li><a href=\"http:\/\/vanderloubet.com.br\/deputado\/realizacoes\/emendas-parlamentares\/ladario\/\">Lad\u00e1rio<\/a><\/li>\n<li><a href=\"http:\/\/vanderloubet.com.br\/deputado\/realizacoes\/emendas-parlamentares\/laguna-carapa\/\">Laguna Carap\u00e3<\/a><\/li>\n<li><a href=\"http:\/\/vanderloubet.com.br\/deputado\/realizacoes\/emendas-parlamentares\/maracaju\/\">Maracaju<\/a><\/li>\n<li><a href=\"http:\/\/vanderloubet.com.br\/deputado\/realizacoes\/emendas-parlamentares\/miranda\/\">Miranda<\/a><\/li>\n<li><a href=\"http:\/\/vanderloubet.com.br\/deputado\/realizacoes\/emendas-parlamentares\/mundo-novo\/\">Mundo Novo<\/a><\/li>\n<li><a href=\"http:\/\/vanderloubet.com.br\/deputado\/realizacoes\/emendas-parlamentares\/navirai\/\">Navira\u00ed<\/a><\/li>\n<li><a href=\"http:\/\/vanderloubet.com.br\/deputado\/realizacoes\/emendas-parlamentares\/nioaque\/\">Nioaque<\/a><\/li>\n<li><a href=\"http:\/\/vanderloubet.com.br\/deputado\/realizacoes\/emendas-parlamentares\/nova-alvorada-do-sul\/\">Nova Alvorada do Sul<\/a><\/li>\n<li><a href=\"http:\/\/vanderloubet.com.br\/deputado\/realizacoes\/emendas-parlamentares\/nova-andradina\/\">Nova Andradina<\/a><\/li>\n<li><a href=\"http:\/\/vanderloubet.com.br\/deputado\/realizacoes\/emendas-parlamentares\/novo-horizonte-do-sul\/\">Novo Horizonte do Sul<\/a><\/li>\n<li><a href=\"http:\/\/vanderloubet.com.br\/deputado\/realizacoes\/emendas-parlamentares\/paraiso-das-aguas\/\">Para\u00edso das \u00c1guas<\/a><\/li>\n<li><a href=\"http:\/\/vanderloubet.com.br\/deputado\/realizacoes\/emendas-parlamentares\/paranaiba\/\">Parana\u00edba<\/a><\/li>\n<li><a href=\"http:\/\/vanderloubet.com.br\/deputado\/realizacoes\/emendas-parlamentares\/paranhos\/\">Paranhos<\/a><\/li>\n<\/ul>\n<\/div><\/div><\/div><\/div><div class=\"vc_column tdi_21  wpb_column vc_column_container tdc-column td-pb-span3\">\n<style scoped>\n\/* custom css - generated by TagDiv Composer *\/\n\n\/* custom css - generated by TagDiv Composer *\/\n.tdi_21{\r\n                    vertical-align: baseline;\r\n                }.tdi_21 > .wpb_wrapper,\r\n\t\t\t\t.tdi_21 > .wpb_wrapper > .tdc-elements{\r\n\t\t\t\t    display: block;\r\n\t\t\t\t}.tdi_21 > .wpb_wrapper > .tdc-elements{\r\n\t\t\t\t    width: 100%;\r\n\t\t\t\t}.tdi_21 > .wpb_wrapper > .vc_row_inner{\r\n\t\t\t\t    width: auto;\r\n\t\t\t\t}.tdi_21 > .wpb_wrapper{\r\n\t\t\t\t    width: auto;\r\n\t\t\t\t    height: auto;\r\n\t\t\t\t}\n<\/style><div class=\"wpb_wrapper\" ><div class=\"td_block_wrap td_block_text_with_title tdi_22 tagdiv-type td-pb-border-top td_block_template_1\"  data-td-block-uid=\"tdi_22\" >\n<style>\n\/* custom css - generated by TagDiv Composer *\/\n.tdi_22 a:hover{\r\n\t\t\t        color: #00468c;\r\n\t\t        }\n<\/style><div class=\"td-block-title-wrap\"><\/div><div class=\"td_mod_wrap td-fix-index\"><ul>\n<li><a href=\"http:\/\/vanderloubet.com.br\/deputado\/realizacoes\/emendas-parlamentares\/pedro-gomes\/\">Pedro Gomes<\/a><\/li>\n<li><a href=\"http:\/\/vanderloubet.com.br\/deputado\/realizacoes\/emendas-parlamentares\/ponta-pora\/\">Ponta Por\u00e3<\/a><\/li>\n<li><a href=\"http:\/\/vanderloubet.com.br\/deputado\/realizacoes\/emendas-parlamentares\/porto-murtinho\/\">Porto Murtinho<\/a><\/li>\n<li><a href=\"http:\/\/vanderloubet.com.br\/deputado\/realizacoes\/emendas-parlamentares\/ribas-do-rio-pardo\/\">Ribas do Rio Pardo<\/a><\/li>\n<li><a href=\"http:\/\/vanderloubet.com.br\/deputado\/realizacoes\/emendas-parlamentares\/rio-brilhante\/\">Rio Brilhante<\/a><\/li>\n<li><a href=\"http:\/\/vanderloubet.com.br\/deputado\/realizacoes\/emendas-parlamentares\/rio-negro\/\">Rio Negro<\/a><\/li>\n<li><a href=\"http:\/\/vanderloubet.com.br\/deputado\/realizacoes\/emendas-parlamentares\/rio-verde-de-mato-grosso\/\">Rio Verde de Mato Grosso<\/a><\/li>\n<li><a href=\"http:\/\/vanderloubet.com.br\/deputado\/realizacoes\/emendas-parlamentares\/rochedo\/\">Rochedo<\/a><\/li>\n<li><a href=\"http:\/\/vanderloubet.com.br\/deputado\/realizacoes\/emendas-parlamentares\/santa-rita-do-pardo\/\">Santa Rita do Pardo<\/a><\/li>\n<li><a href=\"http:\/\/vanderloubet.com.br\/deputado\/realizacoes\/emendas-parlamentares\/sao-gabriel-do-oeste\/\">S\u00e3o Gabriel do Oeste<\/a><\/li>\n<li><a href=\"http:\/\/vanderloubet.com.br\/deputado\/realizacoes\/emendas-parlamentares\/selviria\/\">Selv\u00edria<\/a><\/li>\n<li><a href=\"http:\/\/vanderloubet.com.br\/deputado\/realizacoes\/emendas-parlamentares\/sete-quedas\/\">Sete Quedas<\/a><\/li>\n<li><a href=\"http:\/\/vanderloubet.com.br\/deputado\/realizacoes\/emendas-parlamentares\/sidrolandia\/\">Sidrol\u00e2ndia<\/a><\/li>\n<li><a href=\"http:\/\/vanderloubet.com.br\/deputado\/realizacoes\/emendas-parlamentares\/sonora\/\">Sonora<\/a><\/li>\n<li><a href=\"http:\/\/vanderloubet.com.br\/deputado\/realizacoes\/emendas-parlamentares\/tacuru\/\">Tacuru<\/a><\/li>\n<li><a href=\"http:\/\/vanderloubet.com.br\/deputado\/realizacoes\/emendas-parlamentares\/taquarussu\/\">Taquarussu<\/a><\/li>\n<li><a href=\"http:\/\/vanderloubet.com.br\/deputado\/realizacoes\/emendas-parlamentares\/terenos\/\">Terenos<\/a><\/li>\n<li><a href=\"http:\/\/vanderloubet.com.br\/deputado\/realizacoes\/emendas-parlamentares\/tres-lagoas\/\">Tr\u00eas Lagoas<\/a><\/li>\n<li><a href=\"http:\/\/vanderloubet.com.br\/deputado\/realizacoes\/emendas-parlamentares\/vicentina\/\">Vicentina<\/a><\/li>\n<\/ul>\n<\/div><\/div><\/div><\/div><\/div><\/div><div id=\"tdi_23\" class=\"tdc-row\"><div class=\"vc_row tdi_24  wpb_row td-pb-row\" >\n<style scoped>\n\/* custom css - generated by TagDiv Composer *\/\n\n\/* custom css - generated by TagDiv Composer *\/\n.tdi_24,\r\n                .tdi_24 .tdc-columns{\r\n                    min-height: 0;\r\n                }.tdi_24,\r\n\t\t\t\t.tdi_24 .tdc-columns{\r\n\t\t\t\t    display: block;\r\n\t\t\t\t}.tdi_24 .tdc-columns{\r\n\t\t\t\t    width: 100%;\r\n\t\t\t\t}.tdi_24:before,\r\n\t\t\t\t.tdi_24:after{\r\n\t\t\t\t    display: table;\r\n\t\t\t\t}\n<\/style><div class=\"vc_column tdi_26  wpb_column vc_column_container tdc-column td-pb-span12\">\n<style scoped>\n\/* custom css - generated by TagDiv Composer *\/\n\n\/* custom css - generated by TagDiv Composer *\/\n.tdi_26{\r\n                    vertical-align: baseline;\r\n                }.tdi_26 > .wpb_wrapper,\r\n\t\t\t\t.tdi_26 > .wpb_wrapper > .tdc-elements{\r\n\t\t\t\t    display: block;\r\n\t\t\t\t}.tdi_26 > .wpb_wrapper > .tdc-elements{\r\n\t\t\t\t    width: 100%;\r\n\t\t\t\t}.tdi_26 > .wpb_wrapper > .vc_row_inner{\r\n\t\t\t\t    width: auto;\r\n\t\t\t\t}.tdi_26 > .wpb_wrapper{\r\n\t\t\t\t    width: auto;\r\n\t\t\t\t    height: auto;\r\n\t\t\t\t}\n<\/style><div class=\"wpb_wrapper\" ><div class=\"td_block_wrap td_block_text_with_title tdi_27 tagdiv-type td-pb-border-top td_block_template_1\"  data-td-block-uid=\"tdi_27\" >\n<style>\n\n\/* inline tdc_css att - generated by TagDiv Composer *\/\n\n.tdi_27{\nmargin-bottom:40px !important;\n}\n\n<\/style><div class=\"td-block-title-wrap\"><\/div><div class=\"td_mod_wrap td-fix-index\"><p><strong>Emenda parlamentar<\/strong> \u00e9 um instrumento presente na Constitui\u00e7\u00e3o Federal pelo qual o Congresso Nacional participa da elabora\u00e7\u00e3o do or\u00e7amento anual do Brasil.<\/p>\n<p>Por meio das emendas, deputados e senadores procuram aperfei\u00e7oar a proposta encaminhada pelo Governo Federal, visando uma melhor aloca\u00e7\u00e3o dos recursos p\u00fablicos. \u00c9 a oportunidade de os parlamentares acrescentarem novas programa\u00e7\u00f5es or\u00e7ament\u00e1rias com o objetivo de atender as demandas das comunidades que representam.<\/p>\n<p>Outra forma de deputados e senadores atenderem as demandas das comunidades que representam \u00e9 por meio dos programas de investimento dos minist\u00e9rios do Governo Federal.<\/p>\n<\/div><\/div><\/div><\/div><\/div><\/div><\/div><\/div>","protected":false},"excerpt":{"rendered":"<p>Conhe\u00e7a os recursos viabilizados por Vander Loubet para Mato Grosso do Sul.<\/p>\n","protected":false},"author":2,"featured_media":19088,"parent":3006,"menu_order":0,"comment_status":"closed","ping_status":"closed","template":"","meta":{"jetpack_post_was_ever_published":false,"footnotes":""},"class_list":["post-958","page","type-page","status-publish","has-post-thumbnail"],"yoast_head":"<!-- This site is optimized with the Yoast SEO plugin v27.4 - https:\/\/yoast.com\/product\/yoast-seo-wordpress\/ -->\n<title>Emendas parlamentares e outros recursos\/verbas &#187; Deputado Federal Vander Loubet<\/title>\n<meta name=\"description\" content=\"Confira aqui a rela\u00e7\u00e3o de emendas parlamentares e outros recursos\/verbas viabilizadas pelo deputado Vander para os munic\u00edpios de MS\" \/>\n<meta name=\"robots\" content=\"index, follow, max-snippet:-1, max-image-preview:large, max-video-preview:-1\" \/>\n<link rel=\"canonical\" href=\"https:\/\/vanderloubet.com.br\/deputado\/realizacoes\/emendas-parlamentares\/\" \/>\n<meta property=\"og:locale\" content=\"pt_BR\" \/>\n<meta property=\"og:type\" content=\"article\" \/>\n<meta property=\"og:title\" content=\"Emendas parlamentares e outros recursos\/verbas &#187; Deputado Federal Vander Loubet\" \/>\n<meta property=\"og:description\" content=\"Confira aqui a rela\u00e7\u00e3o de emendas parlamentares e outros recursos\/verbas viabilizadas pelo deputado Vander para os munic\u00edpios de MS\" \/>\n<meta property=\"og:url\" content=\"https:\/\/vanderloubet.com.br\/deputado\/realizacoes\/emendas-parlamentares\/\" \/>\n<meta property=\"og:site_name\" content=\"Deputado Federal Vander Loubet\" \/>\n<meta property=\"article:publisher\" content=\"https:\/\/facebook.com\/deputadovander\" \/>\n<meta property=\"article:modified_time\" content=\"2024-11-07T18:06:55+00:00\" \/>\n<meta property=\"og:image\" content=\"https:\/\/vanderloubet.com.br\/deputado\/wp-content\/uploads\/2023\/07\/foto-2023-07-24-logo-vander-loubet.jpg\" \/>\n\t<meta property=\"og:image:width\" content=\"900\" \/>\n\t<meta property=\"og:image:height\" content=\"600\" \/>\n\t<meta property=\"og:image:type\" content=\"image\/jpeg\" \/>\n<meta name=\"twitter:card\" content=\"summary_large_image\" \/>\n<meta name=\"twitter:site\" content=\"@vanderloubet\" \/>\n<script type=\"application\/ld+json\" class=\"yoast-schema-graph\">{\"@context\":\"https:\\\/\\\/schema.org\",\"@graph\":[{\"@type\":\"WebPage\",\"@id\":\"https:\\\/\\\/vanderloubet.com.br\\\/deputado\\\/realizacoes\\\/emendas-parlamentares\\\/\",\"url\":\"https:\\\/\\\/vanderloubet.com.br\\\/deputado\\\/realizacoes\\\/emendas-parlamentares\\\/\",\"name\":\"Emendas parlamentares e outros recursos\\\/verbas &#187; Deputado Federal Vander Loubet\",\"isPartOf\":{\"@id\":\"https:\\\/\\\/vanderloubet.com.br\\\/deputado\\\/#website\"},\"primaryImageOfPage\":{\"@id\":\"https:\\\/\\\/vanderloubet.com.br\\\/deputado\\\/realizacoes\\\/emendas-parlamentares\\\/#primaryimage\"},\"image\":{\"@id\":\"https:\\\/\\\/vanderloubet.com.br\\\/deputado\\\/realizacoes\\\/emendas-parlamentares\\\/#primaryimage\"},\"thumbnailUrl\":\"https:\\\/\\\/vanderloubet.com.br\\\/deputado\\\/wp-content\\\/uploads\\\/2023\\\/07\\\/foto-2023-07-24-logo-vander-loubet.jpg\",\"datePublished\":\"2010-05-13T01:16:24+00:00\",\"dateModified\":\"2024-11-07T18:06:55+00:00\",\"description\":\"Confira aqui a rela\u00e7\u00e3o de emendas parlamentares e outros recursos\\\/verbas viabilizadas pelo deputado Vander para os munic\u00edpios de MS\",\"breadcrumb\":{\"@id\":\"https:\\\/\\\/vanderloubet.com.br\\\/deputado\\\/realizacoes\\\/emendas-parlamentares\\\/#breadcrumb\"},\"inLanguage\":\"pt-BR\",\"potentialAction\":[{\"@type\":\"ReadAction\",\"target\":[\"https:\\\/\\\/vanderloubet.com.br\\\/deputado\\\/realizacoes\\\/emendas-parlamentares\\\/\"]}]},{\"@type\":\"ImageObject\",\"inLanguage\":\"pt-BR\",\"@id\":\"https:\\\/\\\/vanderloubet.com.br\\\/deputado\\\/realizacoes\\\/emendas-parlamentares\\\/#primaryimage\",\"url\":\"https:\\\/\\\/vanderloubet.com.br\\\/deputado\\\/wp-content\\\/uploads\\\/2023\\\/07\\\/foto-2023-07-24-logo-vander-loubet.jpg\",\"contentUrl\":\"https:\\\/\\\/vanderloubet.com.br\\\/deputado\\\/wp-content\\\/uploads\\\/2023\\\/07\\\/foto-2023-07-24-logo-vander-loubet.jpg\",\"width\":900,\"height\":600,\"caption\":\"Deputado Federal Vander Loubet (PT-MS)\"},{\"@type\":\"BreadcrumbList\",\"@id\":\"https:\\\/\\\/vanderloubet.com.br\\\/deputado\\\/realizacoes\\\/emendas-parlamentares\\\/#breadcrumb\",\"itemListElement\":[{\"@type\":\"ListItem\",\"position\":1,\"name\":\"In\u00edcio\",\"item\":\"https:\\\/\\\/vanderloubet.com.br\\\/deputado\\\/\"},{\"@type\":\"ListItem\",\"position\":2,\"name\":\"Realiza\u00e7\u00f5es\",\"item\":\"https:\\\/\\\/vanderloubet.com.br\\\/deputado\\\/realizacoes\\\/\"},{\"@type\":\"ListItem\",\"position\":3,\"name\":\"Emendas parlamentares e outros recursos\\\/verbas\"}]},{\"@type\":\"WebSite\",\"@id\":\"https:\\\/\\\/vanderloubet.com.br\\\/deputado\\\/#website\",\"url\":\"https:\\\/\\\/vanderloubet.com.br\\\/deputado\\\/\",\"name\":\"Deputado Federal Vander Loubet\",\"description\":\"O Federal de MS\",\"publisher\":{\"@id\":\"https:\\\/\\\/vanderloubet.com.br\\\/deputado\\\/#organization\"},\"alternateName\":\"Deputado Vander\",\"potentialAction\":[{\"@type\":\"SearchAction\",\"target\":{\"@type\":\"EntryPoint\",\"urlTemplate\":\"https:\\\/\\\/vanderloubet.com.br\\\/deputado\\\/?s={search_term_string}\"},\"query-input\":{\"@type\":\"PropertyValueSpecification\",\"valueRequired\":true,\"valueName\":\"search_term_string\"}}],\"inLanguage\":\"pt-BR\"},{\"@type\":\"Organization\",\"@id\":\"https:\\\/\\\/vanderloubet.com.br\\\/deputado\\\/#organization\",\"name\":\"Deputado Federal Vander Loubet\",\"alternateName\":\"Deputado Vander\",\"url\":\"https:\\\/\\\/vanderloubet.com.br\\\/deputado\\\/\",\"logo\":{\"@type\":\"ImageObject\",\"inLanguage\":\"pt-BR\",\"@id\":\"https:\\\/\\\/vanderloubet.com.br\\\/deputado\\\/#\\\/schema\\\/logo\\\/image\\\/\",\"url\":\"https:\\\/\\\/vanderloubet.com.br\\\/deputado\\\/wp-content\\\/uploads\\\/2023\\\/06\\\/foto-2023-06-19-mandato-deputado-vander.jpg\",\"contentUrl\":\"https:\\\/\\\/vanderloubet.com.br\\\/deputado\\\/wp-content\\\/uploads\\\/2023\\\/06\\\/foto-2023-06-19-mandato-deputado-vander.jpg\",\"width\":1080,\"height\":1080,\"caption\":\"Deputado Federal Vander Loubet\"},\"image\":{\"@id\":\"https:\\\/\\\/vanderloubet.com.br\\\/deputado\\\/#\\\/schema\\\/logo\\\/image\\\/\"},\"sameAs\":[\"https:\\\/\\\/facebook.com\\\/deputadovander\",\"https:\\\/\\\/x.com\\\/vanderloubet\",\"https:\\\/\\\/instagram.com\\\/vanderloubet\",\"https:\\\/\\\/youtube.com\\\/vanderloubet\",\"https:\\\/\\\/tiktok.com\\\/@vanderloubetms\"]}]}<\/script>\n<!-- \/ Yoast SEO plugin. -->","yoast_head_json":{"title":"Emendas parlamentares e outros recursos\/verbas &#187; Deputado Federal Vander Loubet","description":"Confira aqui a rela\u00e7\u00e3o de emendas parlamentares e outros recursos\/verbas viabilizadas pelo deputado Vander para os munic\u00edpios de MS","robots":{"index":"index","follow":"follow","max-snippet":"max-snippet:-1","max-image-preview":"max-image-preview:large","max-video-preview":"max-video-preview:-1"},"canonical":"https:\/\/vanderloubet.com.br\/deputado\/realizacoes\/emendas-parlamentares\/","og_locale":"pt_BR","og_type":"article","og_title":"Emendas parlamentares e outros recursos\/verbas &#187; Deputado Federal Vander Loubet","og_description":"Confira aqui a rela\u00e7\u00e3o de emendas parlamentares e outros recursos\/verbas viabilizadas pelo deputado Vander para os munic\u00edpios de MS","og_url":"https:\/\/vanderloubet.com.br\/deputado\/realizacoes\/emendas-parlamentares\/","og_site_name":"Deputado Federal Vander Loubet","article_publisher":"https:\/\/facebook.com\/deputadovander","article_modified_time":"2024-11-07T18:06:55+00:00","og_image":[{"width":900,"height":600,"url":"https:\/\/vanderloubet.com.br\/deputado\/wp-content\/uploads\/2023\/07\/foto-2023-07-24-logo-vander-loubet.jpg","type":"image\/jpeg"}],"twitter_card":"summary_large_image","twitter_site":"@vanderloubet","schema":{"@context":"https:\/\/schema.org","@graph":[{"@type":"WebPage","@id":"https:\/\/vanderloubet.com.br\/deputado\/realizacoes\/emendas-parlamentares\/","url":"https:\/\/vanderloubet.com.br\/deputado\/realizacoes\/emendas-parlamentares\/","name":"Emendas parlamentares e outros recursos\/verbas &#187; Deputado Federal Vander Loubet","isPartOf":{"@id":"https:\/\/vanderloubet.com.br\/deputado\/#website"},"primaryImageOfPage":{"@id":"https:\/\/vanderloubet.com.br\/deputado\/realizacoes\/emendas-parlamentares\/#primaryimage"},"image":{"@id":"https:\/\/vanderloubet.com.br\/deputado\/realizacoes\/emendas-parlamentares\/#primaryimage"},"thumbnailUrl":"https:\/\/vanderloubet.com.br\/deputado\/wp-content\/uploads\/2023\/07\/foto-2023-07-24-logo-vander-loubet.jpg","datePublished":"2010-05-13T01:16:24+00:00","dateModified":"2024-11-07T18:06:55+00:00","description":"Confira aqui a rela\u00e7\u00e3o de emendas parlamentares e outros recursos\/verbas viabilizadas pelo deputado Vander para os munic\u00edpios de MS","breadcrumb":{"@id":"https:\/\/vanderloubet.com.br\/deputado\/realizacoes\/emendas-parlamentares\/#breadcrumb"},"inLanguage":"pt-BR","potentialAction":[{"@type":"ReadAction","target":["https:\/\/vanderloubet.com.br\/deputado\/realizacoes\/emendas-parlamentares\/"]}]},{"@type":"ImageObject","inLanguage":"pt-BR","@id":"https:\/\/vanderloubet.com.br\/deputado\/realizacoes\/emendas-parlamentares\/#primaryimage","url":"https:\/\/vanderloubet.com.br\/deputado\/wp-content\/uploads\/2023\/07\/foto-2023-07-24-logo-vander-loubet.jpg","contentUrl":"https:\/\/vanderloubet.com.br\/deputado\/wp-content\/uploads\/2023\/07\/foto-2023-07-24-logo-vander-loubet.jpg","width":900,"height":600,"caption":"Deputado Federal Vander Loubet (PT-MS)"},{"@type":"BreadcrumbList","@id":"https:\/\/vanderloubet.com.br\/deputado\/realizacoes\/emendas-parlamentares\/#breadcrumb","itemListElement":[{"@type":"ListItem","position":1,"name":"In\u00edcio","item":"https:\/\/vanderloubet.com.br\/deputado\/"},{"@type":"ListItem","position":2,"name":"Realiza\u00e7\u00f5es","item":"https:\/\/vanderloubet.com.br\/deputado\/realizacoes\/"},{"@type":"ListItem","position":3,"name":"Emendas parlamentares e outros recursos\/verbas"}]},{"@type":"WebSite","@id":"https:\/\/vanderloubet.com.br\/deputado\/#website","url":"https:\/\/vanderloubet.com.br\/deputado\/","name":"Deputado Federal Vander Loubet","description":"O Federal de MS","publisher":{"@id":"https:\/\/vanderloubet.com.br\/deputado\/#organization"},"alternateName":"Deputado Vander","potentialAction":[{"@type":"SearchAction","target":{"@type":"EntryPoint","urlTemplate":"https:\/\/vanderloubet.com.br\/deputado\/?s={search_term_string}"},"query-input":{"@type":"PropertyValueSpecification","valueRequired":true,"valueName":"search_term_string"}}],"inLanguage":"pt-BR"},{"@type":"Organization","@id":"https:\/\/vanderloubet.com.br\/deputado\/#organization","name":"Deputado Federal Vander Loubet","alternateName":"Deputado Vander","url":"https:\/\/vanderloubet.com.br\/deputado\/","logo":{"@type":"ImageObject","inLanguage":"pt-BR","@id":"https:\/\/vanderloubet.com.br\/deputado\/#\/schema\/logo\/image\/","url":"https:\/\/vanderloubet.com.br\/deputado\/wp-content\/uploads\/2023\/06\/foto-2023-06-19-mandato-deputado-vander.jpg","contentUrl":"https:\/\/vanderloubet.com.br\/deputado\/wp-content\/uploads\/2023\/06\/foto-2023-06-19-mandato-deputado-vander.jpg","width":1080,"height":1080,"caption":"Deputado Federal Vander Loubet"},"image":{"@id":"https:\/\/vanderloubet.com.br\/deputado\/#\/schema\/logo\/image\/"},"sameAs":["https:\/\/facebook.com\/deputadovander","https:\/\/x.com\/vanderloubet","https:\/\/instagram.com\/vanderloubet","https:\/\/youtube.com\/vanderloubet","https:\/\/tiktok.com\/@vanderloubetms"]}]}},"jetpack_sharing_enabled":true,"_links":{"self":[{"href":"https:\/\/vanderloubet.com.br\/deputado\/wp-json\/wp\/v2\/pages\/958","targetHints":{"allow":["GET"]}}],"collection":[{"href":"https:\/\/vanderloubet.com.br\/deputado\/wp-json\/wp\/v2\/pages"}],"about":[{"href":"https:\/\/vanderloubet.com.br\/deputado\/wp-json\/wp\/v2\/types\/page"}],"author":[{"embeddable":true,"href":"https:\/\/vanderloubet.com.br\/deputado\/wp-json\/wp\/v2\/users\/2"}],"replies":[{"embeddable":true,"href":"https:\/\/vanderloubet.com.br\/deputado\/wp-json\/wp\/v2\/comments?post=958"}],"version-history":[{"count":0,"href":"https:\/\/vanderloubet.com.br\/deputado\/wp-json\/wp\/v2\/pages\/958\/revisions"}],"up":[{"embeddable":true,"href":"https:\/\/vanderloubet.com.br\/deputado\/wp-json\/wp\/v2\/pages\/3006"}],"wp:featuredmedia":[{"embeddable":true,"href":"https:\/\/vanderloubet.com.br\/deputado\/wp-json\/wp\/v2\/media\/19088"}],"wp:attachment":[{"href":"https:\/\/vanderloubet.com.br\/deputado\/wp-json\/wp\/v2\/media?parent=958"}],"curies":[{"name":"wp","href":"https:\/\/api.w.org\/{rel}","templated":true}]}}